{"id":4878,"date":"2024-04-03T23:10:03","date_gmt":"2024-04-03T23:10:03","guid":{"rendered":"https:\/\/futland.com.mx\/?page_id=4878"},"modified":"2024-08-15T22:38:16","modified_gmt":"2024-08-15T22:38:16","slug":"noticias","status":"publish","type":"page","link":"https:\/\/futland.com.mx\/?page_id=4878","title":{"rendered":"Noticias"},"content":{"rendered":"\t\t<div data-elementor-type=\"wp-page\" data-elementor-id=\"4878\" class=\"elementor elementor-4878\">\n\t\t\t\t<div class=\"elementor-element elementor-element-34cf997 e-flex e-con-boxed e-con e-parent\" data-id=\"34cf997\" data-element_type=\"container\">\n\t\t\t\t\t<div class=\"e-con-inner\">\n\t\t\t\t<div class=\"elementor-element elementor-element-25e1e47 iconos elementor-widget elementor-widget-shortcode\" data-id=\"25e1e47\" data-element_type=\"widget\" data-widget_type=\"shortcode.default\">\n\t\t\t\t<div class=\"elementor-widget-container\">\n\t\t\t\t\t\t\t<div class=\"elementor-shortcode\"><div class=\"sfsi_widget sfsi_shortcode_container\"><div class=\"norm_row sfsi_wDiv \"  style=\"width:225px;text-align:left;\"><div style='width:40px; height:40px;margin-left:5px;margin-bottom:5px; ' class='sfsi_wicons shuffeldiv ' ><div class='inerCnt'><a class=' sficn' data-effect='' target='_blank' rel='noopener'  href='https:\/\/www.facebook.com\/share\/v5gbYVwPEJaamShf\/?mibextid=qi2Omg' id='sfsiid_facebook_icon' style='width:40px;height:40px;opacity:1;'  ><img data-recalc-dims=\"1\" data-pin-nopin='true' alt='Facebook' title='Facebook' src=\"https:\/\/i0.wp.com\/futland.com.mx\/wp-content\/plugins\/ultimate-social-media-icons\/images\/icons_theme\/thin\/thin_facebook.png?resize=40%2C40&#038;ssl=1\" width=\"40\" height=\"40\" style='' class='sfcm sfsi_wicon ' data-effect=''   \/><\/a><div class=\"sfsi_tool_tip_2 fb_tool_bdr sfsiTlleft\" style=\"opacity:0;z-index:-1;\" id=\"sfsiid_facebook\"><span class=\"bot_arow bot_fb_arow\"><\/span><div class=\"sfsi_inside\"><div  class='icon1'><a href='https:\/\/www.facebook.com\/share\/v5gbYVwPEJaamShf\/?mibextid=qi2Omg' target='_blank' rel='noopener'><img data-recalc-dims=\"1\" data-pin-nopin='true' class='sfsi_wicon' alt='Facebook' title='Facebook' src=\"https:\/\/i0.wp.com\/futland.com.mx\/wp-content\/plugins\/ultimate-social-media-icons\/images\/visit_icons\/Visit_us_fb\/icon_Visit_us_en_US.png?w=750&#038;ssl=1\" \/><\/a><\/div><div  class='icon2'><div class=\"fb-like\" width=\"200\" data-href=\"https:\/\/futland.com.mx\/?page_id=4878&#038;rest_route=\/wp\/v2\/pages\/4878\"  data-send=\"false\" data-layout=\"button_count\" data-action=\"like\"><\/div><\/div><div  class='icon3'><a target='_blank' rel='noopener' href='https:\/\/www.facebook.com\/sharer\/sharer.php?u=https%3A%2F%2Ffutland.com.mx%2F%3Fpage_id%3D4878%26rest_route%3D%2Fwp%2Fv2%2Fpages%2F4878' style='display:inline-block;'  > <img class='sfsi_wicon'  data-pin-nopin='true' alt='fb-share-icon' title='Facebook Share' src='https:\/\/futland.com.mx\/wp-content\/plugins\/ultimate-social-media-icons\/images\/share_icons\/fb_icons\/en_US.svg' \/><\/a><\/div><\/div><\/div><\/div><\/div><div style='width:40px; height:40px;margin-left:5px;margin-bottom:5px; ' class='sfsi_wicons shuffeldiv ' ><div class='inerCnt'><a class=' sficn' data-effect='' target='_blank' rel='noopener'  href='https:\/\/www.youtube.com\/@FutlandW' id='sfsiid_youtube_icon' style='width:40px;height:40px;opacity:1;'  ><img data-recalc-dims=\"1\" data-pin-nopin='true' alt='YouTube' title='YouTube' src=\"https:\/\/i0.wp.com\/futland.com.mx\/wp-content\/plugins\/ultimate-social-media-icons\/images\/icons_theme\/thin\/thin_youtube.png?resize=40%2C40&#038;ssl=1\" width=\"40\" height=\"40\" style='' class='sfcm sfsi_wicon ' data-effect=''   \/><\/a><div class=\"sfsi_tool_tip_2 utube_tool_bdr sfsiTlleft\" style=\"opacity:0;z-index:-1;\" id=\"sfsiid_youtube\"><span class=\"bot_arow bot_utube_arow\"><\/span><div class=\"sfsi_inside\"><div  class='icon1'><a href='https:\/\/www.youtube.com\/@FutlandW'  target='_blank' rel='noopener'><img data-pin-nopin='true' class='sfsi_wicon' alt='YouTube' title='YouTube' src='https:\/\/futland.com.mx\/wp-content\/plugins\/ultimate-social-media-icons\/images\/visit_icons\/Visit_us_youtube\/icon_Visit_us_en_US.svg' \/><\/a><\/div><div  class='icon2'><div>Set Youtube Channel ID<\/div><\/div><\/div><\/div><\/div><\/div><div style='width:40px; height:40px;margin-left:5px;margin-bottom:5px; ' class='sfsi_wicons shuffeldiv ' ><div class='inerCnt'><a class=' sficn' data-effect='' target='_blank' rel='noopener'  href='https:\/\/www.instagram.com\/futlandw?igsh=MWF0N29qajZvNnR6aQ==' id='sfsiid_instagram_icon' style='width:40px;height:40px;opacity:1;'  ><img data-recalc-dims=\"1\" data-pin-nopin='true' alt='Instagram' title='Instagram' src=\"https:\/\/i0.wp.com\/futland.com.mx\/wp-content\/plugins\/ultimate-social-media-icons\/images\/icons_theme\/thin\/thin_instagram.png?resize=40%2C40&#038;ssl=1\" width=\"40\" height=\"40\" style='' class='sfcm sfsi_wicon ' data-effect=''   \/><\/a><\/div><\/div><div style='width:40px; height:40px;margin-left:5px;margin-bottom:5px; ' class='sfsi_wicons shuffeldiv ' ><div class='inerCnt'><a class=' sficn' data-effect='' target='_blank' rel='noopener'  href='https:\/\/www.tiktok.com\/@futlandw?_t=8os7DGl7Bkz&#038;_r=1' id='sfsiid_tiktok_icon' style='width:40px;height:40px;opacity:1;'  ><img data-recalc-dims=\"1\" data-pin-nopin='true' alt='Tiktok' title='Tiktok' src=\"https:\/\/i0.wp.com\/futland.com.mx\/wp-content\/plugins\/ultimate-social-media-icons\/images\/icons_theme\/thin\/thin_tiktok.png?resize=40%2C40&#038;ssl=1\" width=\"40\" height=\"40\" style='' class='sfcm sfsi_wicon ' data-effect=''   \/><\/a><\/div><\/div><\/div ><div id=\"sfsi_holder\" class=\"sfsi_holders\" style=\"position: relative; float: left;width:100%;z-index:-1;\"><\/div ><script>window.addEventListener(\"sfsi_functions_loaded\", function()\n\t\t\t{\n\t\t\t\tif (typeof sfsi_widget_set == \"function\") {\n\t\t\t\t\tsfsi_widget_set();\n\t\t\t\t}\n\t\t\t}); <\/script><div style=\"clear: both;\"><\/div><\/div><\/div>\n\t\t\t\t\t\t<\/div>\n\t\t\t\t<\/div>\n\t\t\t\t\t<\/div>\n\t\t\t\t<\/div>\n\t\t<div class=\"elementor-element elementor-element-46d521b6 e-flex e-con-boxed e-con e-parent\" data-id=\"46d521b6\" data-element_type=\"container\" data-settings=\"{&quot;background_background&quot;:&quot;classic&quot;}\">\n\t\t\t\t\t<div class=\"e-con-inner\">\n\t\t\t\t\t<\/div>\n\t\t\t\t<\/div>\n\t\t<div class=\"elementor-element elementor-element-46b3dc9e e-flex e-con-boxed e-con e-parent\" data-id=\"46b3dc9e\" data-element_type=\"container\">\n\t\t\t\t\t<div class=\"e-con-inner\">\n\t\t\t\t<div class=\"elementor-element elementor-element-232de45f meta-visibility-show section-title-style-style1 title_position_default title_hover_border_default title-default img_hover_animation_default meta_position_default tpg-is-author-icon-show author-image-visibility-icon tpg-category-position-default readmore-btn-default-style grid-hover-overlay-type-always tpg-el-box-border-enable tpg-border-bottom-disable elementor-widget elementor-widget-tpg-grid-layout\" data-id=\"232de45f\" data-element_type=\"widget\" data-widget_type=\"tpg-grid-layout.default\">\n\t\t\t\t<div class=\"elementor-widget-container\">\n\t\t\t\t\t\t\t<div class=\"rt-container-fluid rt-tpg-container tpg-el-main-wrapper clearfix grid-layout1-main \"\n\t\t\t id=\"rt-tpg-container-2324301984\"\n\t\t\t data-layout=\"grid-layout1\"\n\t\t\t data-grid-style=\"tpg-full-height\"\n\t\t\t data-sc-id=\"elementor\"\n\t\t\t data-el-settings=''\n\t\t\t data-el-query=''\n\t\t\t data-el-path=''\n\t\t>\n\t\t\t\t\t\t<div class='tpg-header-wrapper '>\n\t\t\t\t\n        <div class=\"tpg-widget-heading-wrapper rt-clear heading-style1 \">\n            <span class=\"tpg-widget-heading-line line-left\"><\/span>\n\t\t\t<h2 class='tpg-widget-heading'>\n\t\t\t\n\t\t\t\t                    <span>\n\t\t\t\t\t\tNOTICIAS\t\t\t\t\t<\/span>\n\t\t\t\t\t\n\t\t\t\t\t\t\t<\/h2>            <span class=\"tpg-widget-heading-line line-right\"><\/span>\n\n\t\t\t\n        <\/div>\n\n\t\t\n\t\t\t\t\t<\/div>\n\n\t\t\t<div data-title=\"Loading ...\" class=\"rt-row rt-content-loader grid-layout1 grid-behaviour tpg-full-height grid_layout_wrapper\">\n\t\t\t\t<div class=\"rt-col-md-4 rt-col-sm-6 rt-col-xs-12 default rt-grid-item post-8820 post type-post status-publish format-standard has-post-thumbnail hentry category-newimportanthome-1 category-news entry\"\t\tdata-id=\"8820\">\n\t<div class=\"rt-holder tpg-post-holder \">\n\t\t<div class=\"rt-detail rt-el-content-wrapper\">\n\t\t\t\t\t\t\t<div class=\"rt-img-holder tpg-el-image-wrap has-thumbnail\">\n\t\t\t\t\t<a data-id=\"8820\" href=\"https:\/\/futland.com.mx\/?p=8820\" class=\"tpg-post-link\" target=\"_self\">                        <img fetchpriority=\"high\" decoding=\"async\" src=\"https:\/\/i0.wp.com\/futland.com.mx\/wp-content\/uploads\/2026\/08\/Diseno-sin-titulo-3.png?fit=750%2C422&#038;ssl=1\"\n                             class=\"rt-img-responsive\"\n                             width=\"750\"\n                             height=\"422\"\n                             alt=\"Brasil se prepara para el Mundial Femenil 2027 con una pausa en sus competencias nacionales\">\n\t\t\t\t\t\t\n\t\t\t\t\t\t\t\n\t\t<\/a>\n\t\t        <div class=\"overlay grid-hover-content\"><\/div>\n\t\t\t\t\t\t<\/div>\n\t\t\t\n\t\t\t<div class=\"entry-title-wrapper\"><h3 class=\"entry-title\"><a data-id=\"8820\" href=\"https:\/\/futland.com.mx\/?p=8820\" class=\"tpg-post-link\" target=\"_self\">Brasil se prepara para el Mundial Femenil 2027 con una pausa en sus competencias nacionales<\/a><\/h3><\/div>\n\t\t\t\t\t\t\t<div class=\"post-meta-tags rt-el-post-meta\">\n\t\t\t\t\t            <span class='author '>\n\n\t\t\t\t<i class='fa fa-user '><\/i><span class='author-prefix'>By<\/span><a href=\"https:\/\/futland.com.mx\/?author=7\">Sarahi Venegas G\u00f3mez<\/a>\t\t\t<\/span>\n\t\t\t            <span class='date'>\n\t\t\t\t<i class='far fa-calendar-alt '><\/i>\t\t\t\t                    <a href=\"https:\/\/futland.com.mx\/?m=20260825\">\n\t\t\t\t\t25 agosto, 2026\t\t\t\t<\/a>\n\t\t\t\t\t\t\t<\/span>\n\t\t\t            <span class='categories-links'>\n\t\t\t\t<i class='fas fa-folder-open '><\/i><a class=\"newimportanthome-1\" href=\"https:\/\/futland.com.mx\/?cat=83\">NewImportantHome-1<\/a><span class=\"rt-separator\">,<\/span><a class=\"news\" href=\"https:\/\/futland.com.mx\/?cat=16\">Noticias<\/a>\t\t\t<\/span>\n\t\t\t\t\t\t\t<\/div>\n\t\t\t\n\n\t\t\t\t\t\t\t<div class=\"tpg-excerpt tpg-el-excerpt\">\n\t\t\t\t\t\t\t\t\t\t\t<div class=\"tpg-excerpt-inner\">\n\t\t\t\t\t\t\tEl pa\u00eds ajustar\u00e1 su calendario deportivo durante la Copa Mundial Femenina, mientras sus ocho estadios sede quedar\u00e1n dedicados a las operaciones del torneo. La legislaci\u00f3n brasile\u00f1a tambi\u00e9n contempla...\t\t\t\t\t\t<\/div>\n\t\t\t\t\t\t\t\t\t\t\t\t\t\t<\/div>\n\t\t\t\n\t\t\t        <div class=\"post-footer\">\n            <div class=\"post-footer\">\n                <div class=\"read-more\">\n\t\t\t\t\t<a data-id=\"8820\" href=\"https:\/\/futland.com.mx\/?p=8820\" class=\"tpg-post-link\" target=\"_self\">Leer M\u00e1s<\/a>                <\/div>\n            <\/div>\n        <\/div>\n\t\t\t\t<\/div>\n\t<\/div>\n<\/div>\n<div class=\"rt-col-md-4 rt-col-sm-6 rt-col-xs-12 default rt-grid-item post-8817 post type-post status-publish format-standard has-post-thumbnail hentry category-newimportanthome-1 category-news entry\"\t\tdata-id=\"8817\">\n\t<div class=\"rt-holder tpg-post-holder \">\n\t\t<div class=\"rt-detail rt-el-content-wrapper\">\n\t\t\t\t\t\t\t<div class=\"rt-img-holder tpg-el-image-wrap has-thumbnail\">\n\t\t\t\t\t<a data-id=\"8817\" href=\"https:\/\/futland.com.mx\/?p=8817\" class=\"tpg-post-link\" target=\"_self\">                        <img decoding=\"async\" src=\"https:\/\/i0.wp.com\/futland.com.mx\/wp-content\/uploads\/2026\/08\/Diseno-sin-titulo-1-1.png?fit=750%2C894&#038;ssl=1\"\n                             class=\"rt-img-responsive\"\n                             width=\"750\"\n                             height=\"894\"\n                             alt=\"Ra\u00fal \u201cPotro\u201d Guti\u00e9rrez toma el mando de Cruz Azul Femenil\">\n\t\t\t\t\t\t\n\t\t\t\t\t\t\t\n\t\t<\/a>\n\t\t        <div class=\"overlay grid-hover-content\"><\/div>\n\t\t\t\t\t\t<\/div>\n\t\t\t\n\t\t\t<div class=\"entry-title-wrapper\"><h3 class=\"entry-title\"><a data-id=\"8817\" href=\"https:\/\/futland.com.mx\/?p=8817\" class=\"tpg-post-link\" target=\"_self\">Ra\u00fal \u201cPotro\u201d Guti\u00e9rrez toma el mando de Cruz Azul Femenil<\/a><\/h3><\/div>\n\t\t\t\t\t\t\t<div class=\"post-meta-tags rt-el-post-meta\">\n\t\t\t\t\t            <span class='author '>\n\n\t\t\t\t<i class='fa fa-user '><\/i><span class='author-prefix'>By<\/span><a href=\"https:\/\/futland.com.mx\/?author=7\">Sarahi Venegas G\u00f3mez<\/a>\t\t\t<\/span>\n\t\t\t            <span class='date'>\n\t\t\t\t<i class='far fa-calendar-alt '><\/i>\t\t\t\t                    <a href=\"https:\/\/futland.com.mx\/?m=20260823\">\n\t\t\t\t\t23 agosto, 2026\t\t\t\t<\/a>\n\t\t\t\t\t\t\t<\/span>\n\t\t\t            <span class='categories-links'>\n\t\t\t\t<i class='fas fa-folder-open '><\/i><a class=\"newimportanthome-1\" href=\"https:\/\/futland.com.mx\/?cat=83\">NewImportantHome-1<\/a><span class=\"rt-separator\">,<\/span><a class=\"news\" href=\"https:\/\/futland.com.mx\/?cat=16\">Noticias<\/a>\t\t\t<\/span>\n\t\t\t\t\t\t\t<\/div>\n\t\t\t\n\n\t\t\t\t\t\t\t<div class=\"tpg-excerpt tpg-el-excerpt\">\n\t\t\t\t\t\t\t\t\t\t\t<div class=\"tpg-excerpt-inner\">\n\t\t\t\t\t\t\tLa M\u00e1quina confirm\u00f3 este domingo la llegada del estratega mexicano, quien dirigir\u00e1 al equipo durante lo que resta del Apertura 2026 y el Clausura 2027. Cruz Azul Femenil tiene nuevo director t\u00e9cnico...\t\t\t\t\t\t<\/div>\n\t\t\t\t\t\t\t\t\t\t\t\t\t\t<\/div>\n\t\t\t\n\t\t\t        <div class=\"post-footer\">\n            <div class=\"post-footer\">\n                <div class=\"read-more\">\n\t\t\t\t\t<a data-id=\"8817\" href=\"https:\/\/futland.com.mx\/?p=8817\" class=\"tpg-post-link\" target=\"_self\">Leer M\u00e1s<\/a>                <\/div>\n            <\/div>\n        <\/div>\n\t\t\t\t<\/div>\n\t<\/div>\n<\/div>\n<div class=\"rt-col-md-4 rt-col-sm-6 rt-col-xs-12 default rt-grid-item post-8813 post type-post status-publish format-standard has-post-thumbnail hentry category-newimportanthome-1 category-news entry\"\t\tdata-id=\"8813\">\n\t<div class=\"rt-holder tpg-post-holder \">\n\t\t<div class=\"rt-detail rt-el-content-wrapper\">\n\t\t\t\t\t\t\t<div class=\"rt-img-holder tpg-el-image-wrap has-thumbnail\">\n\t\t\t\t\t<a data-id=\"8813\" href=\"https:\/\/futland.com.mx\/?p=8813\" class=\"tpg-post-link\" target=\"_self\">                        <img decoding=\"async\" src=\"https:\/\/i0.wp.com\/futland.com.mx\/wp-content\/uploads\/2026\/08\/Diseno-sin-titulo-2.png?fit=750%2C500&#038;ssl=1\"\n                             class=\"rt-img-responsive\"\n                             width=\"750\"\n                             height=\"500\"\n                             alt=\"Espa\u00f1a y Francia rompen filas: s\u00ed jugar\u00e1n el Mundial Femenino Sub-20 2026\">\n\t\t\t\t\t\t\n\t\t\t\t\t\t\t\n\t\t<\/a>\n\t\t        <div class=\"overlay grid-hover-content\"><\/div>\n\t\t\t\t\t\t<\/div>\n\t\t\t\n\t\t\t<div class=\"entry-title-wrapper\"><h3 class=\"entry-title\"><a data-id=\"8813\" href=\"https:\/\/futland.com.mx\/?p=8813\" class=\"tpg-post-link\" target=\"_self\">Espa\u00f1a y Francia rompen filas: s\u00ed jugar\u00e1n el Mundial Femenino Sub-20 2026<\/a><\/h3><\/div>\n\t\t\t\t\t\t\t<div class=\"post-meta-tags rt-el-post-meta\">\n\t\t\t\t\t            <span class='author '>\n\n\t\t\t\t<i class='fa fa-user '><\/i><span class='author-prefix'>By<\/span><a href=\"https:\/\/futland.com.mx\/?author=7\">Sarahi Venegas G\u00f3mez<\/a>\t\t\t<\/span>\n\t\t\t            <span class='date'>\n\t\t\t\t<i class='far fa-calendar-alt '><\/i>\t\t\t\t                    <a href=\"https:\/\/futland.com.mx\/?m=20260818\">\n\t\t\t\t\t18 agosto, 2026\t\t\t\t<\/a>\n\t\t\t\t\t\t\t<\/span>\n\t\t\t            <span class='categories-links'>\n\t\t\t\t<i class='fas fa-folder-open '><\/i><a class=\"newimportanthome-1\" href=\"https:\/\/futland.com.mx\/?cat=83\">NewImportantHome-1<\/a><span class=\"rt-separator\">,<\/span><a class=\"news\" href=\"https:\/\/futland.com.mx\/?cat=16\">Noticias<\/a>\t\t\t<\/span>\n\t\t\t\t\t\t\t<\/div>\n\t\t\t\n\n\t\t\t\t\t\t\t<div class=\"tpg-excerpt tpg-el-excerpt\">\n\t\t\t\t\t\t\t\t\t\t\t<div class=\"tpg-excerpt-inner\">\n\t\t\t\t\t\t\tLas dos potencias europeas confirmaron su participaci\u00f3n en Polonia y se desmarcan de la postura de boicot que hab\u00eda tomado fuerza en el f\u00fatbol continental. En medio de la tensi\u00f3n entre la UEFA y la...\t\t\t\t\t\t<\/div>\n\t\t\t\t\t\t\t\t\t\t\t\t\t\t<\/div>\n\t\t\t\n\t\t\t        <div class=\"post-footer\">\n            <div class=\"post-footer\">\n                <div class=\"read-more\">\n\t\t\t\t\t<a data-id=\"8813\" href=\"https:\/\/futland.com.mx\/?p=8813\" class=\"tpg-post-link\" target=\"_self\">Leer M\u00e1s<\/a>                <\/div>\n            <\/div>\n        <\/div>\n\t\t\t\t<\/div>\n\t<\/div>\n<\/div>\n<div class=\"rt-col-md-4 rt-col-sm-6 rt-col-xs-12 default rt-grid-item post-8806 post type-post status-publish format-standard has-post-thumbnail hentry category-newimportanthome-1 category-news entry\"\t\tdata-id=\"8806\">\n\t<div class=\"rt-holder tpg-post-holder \">\n\t\t<div class=\"rt-detail rt-el-content-wrapper\">\n\t\t\t\t\t\t\t<div class=\"rt-img-holder tpg-el-image-wrap has-thumbnail\">\n\t\t\t\t\t<a data-id=\"8806\" href=\"https:\/\/futland.com.mx\/?p=8806\" class=\"tpg-post-link\" target=\"_self\">                        <img loading=\"lazy\" decoding=\"async\" src=\"https:\/\/i0.wp.com\/futland.com.mx\/wp-content\/uploads\/2026\/08\/ChatGPT-Image-10-ago-2026-04_23_10-p.m.png?fit=750%2C500&#038;ssl=1\"\n                             class=\"rt-img-responsive\"\n                             width=\"750\"\n                             height=\"500\"\n                             alt=\"El FC Barcelona Femenil concreta el fichaje r\u00e9cord de Kerolin Nicoli hasta 2030\">\n\t\t\t\t\t\t\n\t\t\t\t\t\t\t\n\t\t<\/a>\n\t\t        <div class=\"overlay grid-hover-content\"><\/div>\n\t\t\t\t\t\t<\/div>\n\t\t\t\n\t\t\t<div class=\"entry-title-wrapper\"><h3 class=\"entry-title\"><a data-id=\"8806\" href=\"https:\/\/futland.com.mx\/?p=8806\" class=\"tpg-post-link\" target=\"_self\">El FC Barcelona Femenil concreta el fichaje r\u00e9cord de Kerolin Nicoli hasta 2030<\/a><\/h3><\/div>\n\t\t\t\t\t\t\t<div class=\"post-meta-tags rt-el-post-meta\">\n\t\t\t\t\t            <span class='author '>\n\n\t\t\t\t<i class='fa fa-user '><\/i><span class='author-prefix'>By<\/span><a href=\"https:\/\/futland.com.mx\/?author=7\">Sarahi Venegas G\u00f3mez<\/a>\t\t\t<\/span>\n\t\t\t            <span class='date'>\n\t\t\t\t<i class='far fa-calendar-alt '><\/i>\t\t\t\t                    <a href=\"https:\/\/futland.com.mx\/?m=20260810\">\n\t\t\t\t\t10 agosto, 2026\t\t\t\t<\/a>\n\t\t\t\t\t\t\t<\/span>\n\t\t\t            <span class='categories-links'>\n\t\t\t\t<i class='fas fa-folder-open '><\/i><a class=\"newimportanthome-1\" href=\"https:\/\/futland.com.mx\/?cat=83\">NewImportantHome-1<\/a><span class=\"rt-separator\">,<\/span><a class=\"news\" href=\"https:\/\/futland.com.mx\/?cat=16\">Noticias<\/a>\t\t\t<\/span>\n\t\t\t\t\t\t\t<\/div>\n\t\t\t\n\n\t\t\t\t\t\t\t<div class=\"tpg-excerpt tpg-el-excerpt\">\n\t\t\t\t\t\t\t\t\t\t\t<div class=\"tpg-excerpt-inner\">\n\t\t\t\t\t\t\tEl FC Barcelona Femenil ha sacudido el mercado veraniego internacional al anunciar oficialmente la incorporaci\u00f3n de la delantera brasile\u00f1a Kerolin Nicoli, procedente del Manchester City. La atacante...\t\t\t\t\t\t<\/div>\n\t\t\t\t\t\t\t\t\t\t\t\t\t\t<\/div>\n\t\t\t\n\t\t\t        <div class=\"post-footer\">\n            <div class=\"post-footer\">\n                <div class=\"read-more\">\n\t\t\t\t\t<a data-id=\"8806\" href=\"https:\/\/futland.com.mx\/?p=8806\" class=\"tpg-post-link\" target=\"_self\">Leer M\u00e1s<\/a>                <\/div>\n            <\/div>\n        <\/div>\n\t\t\t\t<\/div>\n\t<\/div>\n<\/div>\n<div class=\"rt-col-md-4 rt-col-sm-6 rt-col-xs-12 default rt-grid-item post-8803 post type-post status-publish format-standard has-post-thumbnail hentry category-newimportanthome-1 category-news tag-futbol-femenil tag-futlandw tag-internacional tag-rendimiento-deportivo entry\"\t\tdata-id=\"8803\">\n\t<div class=\"rt-holder tpg-post-holder \">\n\t\t<div class=\"rt-detail rt-el-content-wrapper\">\n\t\t\t\t\t\t\t<div class=\"rt-img-holder tpg-el-image-wrap has-thumbnail\">\n\t\t\t\t\t<a data-id=\"8803\" href=\"https:\/\/futland.com.mx\/?p=8803\" class=\"tpg-post-link\" target=\"_self\">                        <img loading=\"lazy\" decoding=\"async\" src=\"https:\/\/i0.wp.com\/futland.com.mx\/wp-content\/uploads\/2026\/08\/Diseno-sin-titulo-1.png?fit=750%2C500&#038;ssl=1\"\n                             class=\"rt-img-responsive\"\n                             width=\"750\"\n                             height=\"500\"\n                             alt=\"Gabby George deja al Manchester United y se une al Brighton\">\n\t\t\t\t\t\t\n\t\t\t\t\t\t\t\n\t\t<\/a>\n\t\t        <div class=\"overlay grid-hover-content\"><\/div>\n\t\t\t\t\t\t<\/div>\n\t\t\t\n\t\t\t<div class=\"entry-title-wrapper\"><h3 class=\"entry-title\"><a data-id=\"8803\" href=\"https:\/\/futland.com.mx\/?p=8803\" class=\"tpg-post-link\" target=\"_self\">Gabby George deja al Manchester United y se une al Brighton<\/a><\/h3><\/div>\n\t\t\t\t\t\t\t<div class=\"post-meta-tags rt-el-post-meta\">\n\t\t\t\t\t            <span class='author '>\n\n\t\t\t\t<i class='fa fa-user '><\/i><span class='author-prefix'>By<\/span><a href=\"https:\/\/futland.com.mx\/?author=7\">Sarahi Venegas G\u00f3mez<\/a>\t\t\t<\/span>\n\t\t\t            <span class='date'>\n\t\t\t\t<i class='far fa-calendar-alt '><\/i>\t\t\t\t                    <a href=\"https:\/\/futland.com.mx\/?m=20260809\">\n\t\t\t\t\t9 agosto, 2026\t\t\t\t<\/a>\n\t\t\t\t\t\t\t<\/span>\n\t\t\t            <span class='categories-links'>\n\t\t\t\t<i class='fas fa-folder-open '><\/i><a class=\"newimportanthome-1\" href=\"https:\/\/futland.com.mx\/?cat=83\">NewImportantHome-1<\/a><span class=\"rt-separator\">,<\/span><a class=\"news\" href=\"https:\/\/futland.com.mx\/?cat=16\">Noticias<\/a>\t\t\t<\/span>\n\t\t\t\t\t\t\t<\/div>\n\t\t\t\n\n\t\t\t\t\t\t\t<div class=\"tpg-excerpt tpg-el-excerpt\">\n\t\t\t\t\t\t\t\t\t\t\t<div class=\"tpg-excerpt-inner\">\n\t\t\t\t\t\t\tLa defensora inglesa inicia una nueva etapa en la Women&#8217;s Super League tras tres temporadas con el conjunto de Manchester. Gabby George tiene nuevo equipo. La defensora inglesa fue anunciada...\t\t\t\t\t\t<\/div>\n\t\t\t\t\t\t\t\t\t\t\t\t\t\t<\/div>\n\t\t\t\n\t\t\t        <div class=\"post-footer\">\n            <div class=\"post-footer\">\n                <div class=\"read-more\">\n\t\t\t\t\t<a data-id=\"8803\" href=\"https:\/\/futland.com.mx\/?p=8803\" class=\"tpg-post-link\" target=\"_self\">Leer M\u00e1s<\/a>                <\/div>\n            <\/div>\n        <\/div>\n\t\t\t\t<\/div>\n\t<\/div>\n<\/div>\n<div class=\"rt-col-md-4 rt-col-sm-6 rt-col-xs-12 default rt-grid-item post-8799 post type-post status-publish format-standard has-post-thumbnail hentry category-newimportanthome-1 category-news entry\"\t\tdata-id=\"8799\">\n\t<div class=\"rt-holder tpg-post-holder \">\n\t\t<div class=\"rt-detail rt-el-content-wrapper\">\n\t\t\t\t\t\t\t<div class=\"rt-img-holder tpg-el-image-wrap has-thumbnail\">\n\t\t\t\t\t<a data-id=\"8799\" href=\"https:\/\/futland.com.mx\/?p=8799\" class=\"tpg-post-link\" target=\"_self\">                        <img loading=\"lazy\" decoding=\"async\" src=\"https:\/\/i0.wp.com\/futland.com.mx\/wp-content\/uploads\/2026\/08\/ChatGPT-Image-4-ago-2026-08_56_16-a.m.png?fit=750%2C989&#038;ssl=1\"\n                             class=\"rt-img-responsive\"\n                             width=\"750\"\n                             height=\"989\"\n                             alt=\"Nailea Vidrio vuelve a la Liga MX Femenil; Atlante apuesta por su experiencia para el Apertura 2026\">\n\t\t\t\t\t\t\n\t\t\t\t\t\t\t\n\t\t<\/a>\n\t\t        <div class=\"overlay grid-hover-content\"><\/div>\n\t\t\t\t\t\t<\/div>\n\t\t\t\n\t\t\t<div class=\"entry-title-wrapper\"><h3 class=\"entry-title\"><a data-id=\"8799\" href=\"https:\/\/futland.com.mx\/?p=8799\" class=\"tpg-post-link\" target=\"_self\">Nailea Vidrio vuelve a la Liga MX Femenil; Atlante apuesta por su experiencia para el Apertura 2026<\/a><\/h3><\/div>\n\t\t\t\t\t\t\t<div class=\"post-meta-tags rt-el-post-meta\">\n\t\t\t\t\t            <span class='author '>\n\n\t\t\t\t<i class='fa fa-user '><\/i><span class='author-prefix'>By<\/span><a href=\"https:\/\/futland.com.mx\/?author=7\">Sarahi Venegas G\u00f3mez<\/a>\t\t\t<\/span>\n\t\t\t            <span class='date'>\n\t\t\t\t<i class='far fa-calendar-alt '><\/i>\t\t\t\t                    <a href=\"https:\/\/futland.com.mx\/?m=20260804\">\n\t\t\t\t\t4 agosto, 2026\t\t\t\t<\/a>\n\t\t\t\t\t\t\t<\/span>\n\t\t\t            <span class='categories-links'>\n\t\t\t\t<i class='fas fa-folder-open '><\/i><a class=\"newimportanthome-1\" href=\"https:\/\/futland.com.mx\/?cat=83\">NewImportantHome-1<\/a><span class=\"rt-separator\">,<\/span><a class=\"news\" href=\"https:\/\/futland.com.mx\/?cat=16\">Noticias<\/a>\t\t\t<\/span>\n\t\t\t\t\t\t\t<\/div>\n\t\t\t\n\n\t\t\t\t\t\t\t<div class=\"tpg-excerpt tpg-el-excerpt\">\n\t\t\t\t\t\t\t\t\t\t\t<div class=\"tpg-excerpt-inner\">\n\t\t\t\t\t\t\tCiudad de M\u00e9xico. La mediocampista mexicana Nailea Vidrio est\u00e1 oficialmente de regreso en la Liga MX Femenil. Tras permanecer alrededor de un a\u00f1o sin actividad oficial, la futbolista fue anunciada...\t\t\t\t\t\t<\/div>\n\t\t\t\t\t\t\t\t\t\t\t\t\t\t<\/div>\n\t\t\t\n\t\t\t        <div class=\"post-footer\">\n            <div class=\"post-footer\">\n                <div class=\"read-more\">\n\t\t\t\t\t<a data-id=\"8799\" href=\"https:\/\/futland.com.mx\/?p=8799\" class=\"tpg-post-link\" target=\"_self\">Leer M\u00e1s<\/a>                <\/div>\n            <\/div>\n        <\/div>\n\t\t\t\t<\/div>\n\t<\/div>\n<\/div>\n<div class=\"rt-col-md-4 rt-col-sm-6 rt-col-xs-12 default rt-grid-item post-8796 post type-post status-publish format-standard has-post-thumbnail hentry category-newimportanthome-1 category-news entry\"\t\tdata-id=\"8796\">\n\t<div class=\"rt-holder tpg-post-holder \">\n\t\t<div class=\"rt-detail rt-el-content-wrapper\">\n\t\t\t\t\t\t\t<div class=\"rt-img-holder tpg-el-image-wrap has-thumbnail\">\n\t\t\t\t\t<a data-id=\"8796\" href=\"https:\/\/futland.com.mx\/?p=8796\" class=\"tpg-post-link\" target=\"_self\">                        <img loading=\"lazy\" decoding=\"async\" src=\"https:\/\/i0.wp.com\/futland.com.mx\/wp-content\/uploads\/2026\/08\/Diseno-sin-titulo.png?fit=750%2C938&#038;ssl=1\"\n                             class=\"rt-img-responsive\"\n                             width=\"750\"\n                             height=\"938\"\n                             alt=\"Emily Sonnett ser\u00e1 baja el resto de la temporada tras sufrir una grave lesi\u00f3n de rodilla\">\n\t\t\t\t\t\t\n\t\t\t\t\t\t\t\n\t\t<\/a>\n\t\t        <div class=\"overlay grid-hover-content\"><\/div>\n\t\t\t\t\t\t<\/div>\n\t\t\t\n\t\t\t<div class=\"entry-title-wrapper\"><h3 class=\"entry-title\"><a data-id=\"8796\" href=\"https:\/\/futland.com.mx\/?p=8796\" class=\"tpg-post-link\" target=\"_self\">Emily Sonnett ser\u00e1 baja el resto de la temporada tras sufrir una grave lesi\u00f3n de rodilla<\/a><\/h3><\/div>\n\t\t\t\t\t\t\t<div class=\"post-meta-tags rt-el-post-meta\">\n\t\t\t\t\t            <span class='author '>\n\n\t\t\t\t<i class='fa fa-user '><\/i><span class='author-prefix'>By<\/span><a href=\"https:\/\/futland.com.mx\/?author=7\">Sarahi Venegas G\u00f3mez<\/a>\t\t\t<\/span>\n\t\t\t            <span class='date'>\n\t\t\t\t<i class='far fa-calendar-alt '><\/i>\t\t\t\t                    <a href=\"https:\/\/futland.com.mx\/?m=20260802\">\n\t\t\t\t\t2 agosto, 2026\t\t\t\t<\/a>\n\t\t\t\t\t\t\t<\/span>\n\t\t\t            <span class='categories-links'>\n\t\t\t\t<i class='fas fa-folder-open '><\/i><a class=\"newimportanthome-1\" href=\"https:\/\/futland.com.mx\/?cat=83\">NewImportantHome-1<\/a><span class=\"rt-separator\">,<\/span><a class=\"news\" href=\"https:\/\/futland.com.mx\/?cat=16\">Noticias<\/a>\t\t\t<\/span>\n\t\t\t\t\t\t\t<\/div>\n\t\t\t\n\n\t\t\t\t\t\t\t<div class=\"tpg-excerpt tpg-el-excerpt\">\n\t\t\t\t\t\t\t\t\t\t\t<div class=\"tpg-excerpt-inner\">\n\t\t\t\t\t\t\tLa defensora de Gotham FC y de la selecci\u00f3n de Estados Unidos, Emily Sonnett, se perder\u00e1 el resto de la temporada 2026 de la National Women&#8217;s Soccer League (NWSL) luego de ser operada por una...\t\t\t\t\t\t<\/div>\n\t\t\t\t\t\t\t\t\t\t\t\t\t\t<\/div>\n\t\t\t\n\t\t\t        <div class=\"post-footer\">\n            <div class=\"post-footer\">\n                <div class=\"read-more\">\n\t\t\t\t\t<a data-id=\"8796\" href=\"https:\/\/futland.com.mx\/?p=8796\" class=\"tpg-post-link\" target=\"_self\">Leer M\u00e1s<\/a>                <\/div>\n            <\/div>\n        <\/div>\n\t\t\t\t<\/div>\n\t<\/div>\n<\/div>\n<div class=\"rt-col-md-4 rt-col-sm-6 rt-col-xs-12 default rt-grid-item post-8788 post type-post status-publish format-standard has-post-thumbnail hentry category-newimportanthome-1 category-news entry\"\t\tdata-id=\"8788\">\n\t<div class=\"rt-holder tpg-post-holder \">\n\t\t<div class=\"rt-detail rt-el-content-wrapper\">\n\t\t\t\t\t\t\t<div class=\"rt-img-holder tpg-el-image-wrap has-thumbnail\">\n\t\t\t\t\t<a data-id=\"8788\" href=\"https:\/\/futland.com.mx\/?p=8788\" class=\"tpg-post-link\" target=\"_self\">                        <img loading=\"lazy\" decoding=\"async\" src=\"https:\/\/i0.wp.com\/futland.com.mx\/wp-content\/uploads\/2026\/07\/ChatGPT-Image-25-jul-2026-07_32_01-p.m.png?fit=750%2C479&#038;ssl=1\"\n                             class=\"rt-img-responsive\"\n                             width=\"750\"\n                             height=\"479\"\n                             alt=\"Arranca la WAFCON 2026: \u00c1frica vuelve a poner al f\u00fatbol femenil en el centro de la escena\">\n\t\t\t\t\t\t\n\t\t\t\t\t\t\t\n\t\t<\/a>\n\t\t        <div class=\"overlay grid-hover-content\"><\/div>\n\t\t\t\t\t\t<\/div>\n\t\t\t\n\t\t\t<div class=\"entry-title-wrapper\"><h3 class=\"entry-title\"><a data-id=\"8788\" href=\"https:\/\/futland.com.mx\/?p=8788\" class=\"tpg-post-link\" target=\"_self\">Arranca la WAFCON 2026: \u00c1frica vuelve a poner al f\u00fatbol femenil en el centro de la escena<\/a><\/h3><\/div>\n\t\t\t\t\t\t\t<div class=\"post-meta-tags rt-el-post-meta\">\n\t\t\t\t\t            <span class='author '>\n\n\t\t\t\t<i class='fa fa-user '><\/i><span class='author-prefix'>By<\/span><a href=\"https:\/\/futland.com.mx\/?author=7\">Sarahi Venegas G\u00f3mez<\/a>\t\t\t<\/span>\n\t\t\t            <span class='date'>\n\t\t\t\t<i class='far fa-calendar-alt '><\/i>\t\t\t\t                    <a href=\"https:\/\/futland.com.mx\/?m=20260725\">\n\t\t\t\t\t25 julio, 2026\t\t\t\t<\/a>\n\t\t\t\t\t\t\t<\/span>\n\t\t\t            <span class='categories-links'>\n\t\t\t\t<i class='fas fa-folder-open '><\/i><a class=\"newimportanthome-1\" href=\"https:\/\/futland.com.mx\/?cat=83\">NewImportantHome-1<\/a><span class=\"rt-separator\">,<\/span><a class=\"news\" href=\"https:\/\/futland.com.mx\/?cat=16\">Noticias<\/a>\t\t\t<\/span>\n\t\t\t\t\t\t\t<\/div>\n\t\t\t\n\n\t\t\t\t\t\t\t<div class=\"tpg-excerpt tpg-el-excerpt\">\n\t\t\t\t\t\t\t\t\t\t\t<div class=\"tpg-excerpt-inner\">\n\t\t\t\t\t\t\tEl f\u00fatbol femenil africano est\u00e1 listo para vivir una de sus ediciones m\u00e1s importantes. Este 26 de julio comienza en Marruecos la Copa Africana de Naciones Femenina 2026 (WAFCON), un torneo que no solo...\t\t\t\t\t\t<\/div>\n\t\t\t\t\t\t\t\t\t\t\t\t\t\t<\/div>\n\t\t\t\n\t\t\t        <div class=\"post-footer\">\n            <div class=\"post-footer\">\n                <div class=\"read-more\">\n\t\t\t\t\t<a data-id=\"8788\" href=\"https:\/\/futland.com.mx\/?p=8788\" class=\"tpg-post-link\" target=\"_self\">Leer M\u00e1s<\/a>                <\/div>\n            <\/div>\n        <\/div>\n\t\t\t\t<\/div>\n\t<\/div>\n<\/div>\n<div class=\"rt-col-md-4 rt-col-sm-6 rt-col-xs-12 default rt-grid-item post-8782 post type-post status-publish format-standard has-post-thumbnail hentry category-newimportanthome-1 category-news entry\"\t\tdata-id=\"8782\">\n\t<div class=\"rt-holder tpg-post-holder \">\n\t\t<div class=\"rt-detail rt-el-content-wrapper\">\n\t\t\t\t\t\t\t<div class=\"rt-img-holder tpg-el-image-wrap has-thumbnail\">\n\t\t\t\t\t<a data-id=\"8782\" href=\"https:\/\/futland.com.mx\/?p=8782\" class=\"tpg-post-link\" target=\"_self\">                        <img loading=\"lazy\" decoding=\"async\" src=\"https:\/\/i0.wp.com\/futland.com.mx\/wp-content\/uploads\/2026\/07\/Diseno-sin-titulo-1-1.png?fit=750%2C938&#038;ssl=1\"\n                             class=\"rt-img-responsive\"\n                             width=\"750\"\n                             height=\"938\"\n                             alt=\"Atlas Femenil se refuerza con cuatro incorporaciones para el Apertura 2026\">\n\t\t\t\t\t\t\n\t\t\t\t\t\t\t\n\t\t<\/a>\n\t\t        <div class=\"overlay grid-hover-content\"><\/div>\n\t\t\t\t\t\t<\/div>\n\t\t\t\n\t\t\t<div class=\"entry-title-wrapper\"><h3 class=\"entry-title\"><a data-id=\"8782\" href=\"https:\/\/futland.com.mx\/?p=8782\" class=\"tpg-post-link\" target=\"_self\">Atlas Femenil se refuerza con cuatro incorporaciones para el Apertura 2026<\/a><\/h3><\/div>\n\t\t\t\t\t\t\t<div class=\"post-meta-tags rt-el-post-meta\">\n\t\t\t\t\t            <span class='author '>\n\n\t\t\t\t<i class='fa fa-user '><\/i><span class='author-prefix'>By<\/span><a href=\"https:\/\/futland.com.mx\/?author=7\">Sarahi Venegas G\u00f3mez<\/a>\t\t\t<\/span>\n\t\t\t            <span class='date'>\n\t\t\t\t<i class='far fa-calendar-alt '><\/i>\t\t\t\t                    <a href=\"https:\/\/futland.com.mx\/?m=20260720\">\n\t\t\t\t\t20 julio, 2026\t\t\t\t<\/a>\n\t\t\t\t\t\t\t<\/span>\n\t\t\t            <span class='categories-links'>\n\t\t\t\t<i class='fas fa-folder-open '><\/i><a class=\"newimportanthome-1\" href=\"https:\/\/futland.com.mx\/?cat=83\">NewImportantHome-1<\/a><span class=\"rt-separator\">,<\/span><a class=\"news\" href=\"https:\/\/futland.com.mx\/?cat=16\">Noticias<\/a>\t\t\t<\/span>\n\t\t\t\t\t\t\t<\/div>\n\t\t\t\n\n\t\t\t\t\t\t\t<div class=\"tpg-excerpt tpg-el-excerpt\">\n\t\t\t\t\t\t\t\t\t\t\t<div class=\"tpg-excerpt-inner\">\n\t\t\t\t\t\t\tAtlas Femenil contin\u00faa con los ajustes de cara al Torneo Apertura 2026 de la Liga MX Femenil y anunci\u00f3 oficialmente la incorporaci\u00f3n de cuatro futbolistas que reforzar\u00e1n distintas zonas del campo. Con...\t\t\t\t\t\t<\/div>\n\t\t\t\t\t\t\t\t\t\t\t\t\t\t<\/div>\n\t\t\t\n\t\t\t        <div class=\"post-footer\">\n            <div class=\"post-footer\">\n                <div class=\"read-more\">\n\t\t\t\t\t<a data-id=\"8782\" href=\"https:\/\/futland.com.mx\/?p=8782\" class=\"tpg-post-link\" target=\"_self\">Leer M\u00e1s<\/a>                <\/div>\n            <\/div>\n        <\/div>\n\t\t\t\t<\/div>\n\t<\/div>\n<\/div>\n\t\t\t<\/div>\n\t\t\t\n\t\t<\/div>\n\t\t\t\t\t\t<\/div>\n\t\t\t\t<\/div>\n\t\t\t\t\t<\/div>\n\t\t\t\t<\/div>\n\t\t\t\t<\/div>\n\t\t","protected":false},"excerpt":{"rendered":"<p>NOTICIAS &#8220;Isabel es la capitana del equipo de f\u00fatbol Real Madrid&#8221; ByHassim Gomez 14 agosto, 2024 Equipos,NewImportantHome-4 Isabel es la capitana del equipo de f\u00fatbol Real Madrid, un grupo que ha recorrido un camino lleno de esfuerzo y dedicaci\u00f3n. Hace cinco a\u00f1os, cuando muchas de las chicas del equipo apenas ten\u00edan 15&#8230; Leer M\u00e1s Tigres&hellip; <a class=\"more-link\" href=\"https:\/\/futland.com.mx\/?p=8782\">Continue reading <span class=\"screen-reader-text\">Atlas Femenil se refuerza con cuatro incorporaciones para el Apertura 2026<\/span><\/a><\/p>\n","protected":false},"author":6,"featured_media":0,"parent":0,"menu_order":0,"comment_status":"closed","ping_status":"closed","template":"elementor_header_footer","meta":{"inline_featured_image":false,"footnotes":""},"class_list":["post-4878","page","type-page","status-publish","hentry","entry"],"jetpack_sharing_enabled":true,"rttpg_featured_image_url":null,"rttpg_author":{"display_name":"Fernando Sanchez","author_link":"https:\/\/futland.com.mx\/?author=6"},"rttpg_comment":0,"rttpg_category":"","rttpg_excerpt":"NOTICIAS &#8220;Isabel es la capitana del equipo de f\u00fatbol Real Madrid&#8221; ByHassim Gomez 14 agosto, 2024 Equipos,NewImportantHome-4 Isabel es la capitana del equipo de f\u00fatbol Real Madrid, un grupo que ha recorrido un camino lleno de esfuerzo y dedicaci\u00f3n. Hace cinco a\u00f1os, cuando muchas de las chicas del equipo apenas ten\u00edan 15&#8230; Leer M\u00e1s Tigres&hellip;&hellip;","_links":{"self":[{"href":"https:\/\/futland.com.mx\/index.php?rest_route=\/wp\/v2\/pages\/4878","targetHints":{"allow":["GET"]}}],"collection":[{"href":"https:\/\/futland.com.mx\/index.php?rest_route=\/wp\/v2\/pages"}],"about":[{"href":"https:\/\/futland.com.mx\/index.php?rest_route=\/wp\/v2\/types\/page"}],"author":[{"embeddable":true,"href":"https:\/\/futland.com.mx\/index.php?rest_route=\/wp\/v2\/users\/6"}],"replies":[{"embeddable":true,"href":"https:\/\/futland.com.mx\/index.php?rest_route=%2Fwp%2Fv2%2Fcomments&post=4878"}],"version-history":[{"count":145,"href":"https:\/\/futland.com.mx\/index.php?rest_route=\/wp\/v2\/pages\/4878\/revisions"}],"predecessor-version":[{"id":7652,"href":"https:\/\/futland.com.mx\/index.php?rest_route=\/wp\/v2\/pages\/4878\/revisions\/7652"}],"wp:attachment":[{"href":"https:\/\/futland.com.mx\/index.php?rest_route=%2Fwp%2Fv2%2Fmedia&parent=4878"}],"curies":[{"name":"wp","href":"https:\/\/api.w.org\/{rel}","templated":true}]}}